{"id":711,"date":"2015-10-23T21:18:07","date_gmt":"2015-10-23T21:18:07","guid":{"rendered":"http:\/\/www.zsskolnivr.cz\/?page_id=711"},"modified":"2017-05-22T04:36:52","modified_gmt":"2017-05-22T04:36:52","slug":"obrazovy-zdravy-jidelnicek-2","status":"publish","type":"page","link":"https:\/\/www.zsskolnivr.cz\/?page_id=711","title":{"rendered":"Obrazov\u00fd zdrav\u00fd j\u00eddeln\u00ed\u010dek"},"content":{"rendered":"<p><em><strong>Zde jsou\u00a0fotografie na\u0161ich zdrav\u00fdch j\u00eddel:<\/strong><\/em><\/p>\n<p><!-- index.php -->\n<div\n\tclass=\"ngg-galleryoverview\n\t\t\"\n\tid=\"ngg-gallery-3d993b489daf9f09cdca33e2ff6f85be-1\">\n\n\t\t\t<!-- Thumbnails -->\n\t\t\t\t<div id=\"ngg-image-0\" class=\"ngg-gallery-thumbnail-box\"\n\t\t\t\t\t\t\t\t\t\t\t>\n\t\t\t\t\t\t<div class=\"ngg-gallery-thumbnail\">\n\t\t\t<a href=\"http:\/\/www.zsskolnivr.cz\/wp-content\/gallery\/jidelnicek-1-1\/balkanska-omeleta.jpg\"\n\t\t\t\ttitle=\"Slo\u017een: vejce, balk\u00e1nsk\u00fd s\u00fdr, raj\u010data, kopr, petr\u017eelov\u00e1 na\u0165, perliv\u00e1 voda gratinovan\u00e1 zelenina: celer, petr\u017eel, karotka, paprika mix, \u010derven\u00e1 cibule, smetana, s\u016fl, grilovac\u00ed ko\u0159en\u00ed, p\u0159\u00edloha: va\u0159en\u00e9 brambory sypan\u00e9 km\u00ednem a libe\u010dkem\"\n\t\t\t\tdata-src=\"http:\/\/www.zsskolnivr.cz\/wp-content\/gallery\/jidelnicek-1-1\/balkanska-omeleta.jpg\"\n\t\t\t\tdata-thumbnail=\"http:\/\/www.zsskolnivr.cz\/wp-content\/gallery\/jidelnicek-1-1\/thumbs\/thumbs_balkanska-omeleta.jpg\"\n\t\t\t\tdata-image-id=\"1214\"\n\t\t\t\tdata-title=\"Balk\u00e1nsk\u00e1 omeleta, grantinovan\u00e1 zelenina\"\n\t\t\t\tdata-description=\"Slo\u017een: vejce, balk\u00e1nsk\u00fd s\u00fdr, raj\u010data, kopr, petr\u017eelov\u00e1 na\u0165, perliv\u00e1 voda gratinovan\u00e1 zelenina: celer, petr\u017eel, karotka, paprika mix, \u010derven\u00e1 cibule, smetana, s\u016fl, grilovac\u00ed ko\u0159en\u00ed, p\u0159\u00edloha: va\u0159en\u00e9 brambory sypan\u00e9 km\u00ednem a libe\u010dkem\"\n\t\t\t\tdata-image-slug=\"balkanska-omeleta\"\n\t\t\t\tclass='use_imagebrowser_effect' data-imagebrowser-url='https:\/\/www.zsskolnivr.cz\/index.php\/nggallery\/image\/%STUB%?page_id=711'>\n\t\t\t\t<img\n\t\t\t\t\ttitle=\"Balk\u00e1nsk\u00e1 omeleta, grantinovan\u00e1 zelenina\"\n\t\t\t\t\talt=\"Balk\u00e1nsk\u00e1 omeleta, grantinovan\u00e1 zelenina\"\n\t\t\t\t\tsrc=\"http:\/\/www.zsskolnivr.cz\/wp-content\/gallery\/jidelnicek-1-1\/cache\/balkanska-omeleta.jpg-nggid041214-ngg0dyn-60x40x100-00f0w010c011r110f110r010t010.jpg\"\n\t\t\t\t\twidth=\"60\"\n\t\t\t\t\theight=\"40\"\n\t\t\t\t\tstyle=\"max-width:100%;\"\n\t\t\t\t\/>\n\t\t\t<\/a>\n\t\t<\/div>\n\t\t\t\t\t\t\t<\/div>\n\t\t\t\n\t\t\t\t\t\t\t\n\t\t\t\t<div id=\"ngg-image-1\" class=\"ngg-gallery-thumbnail-box\"\n\t\t\t\t\t\t\t\t\t\t\t>\n\t\t\t\t\t\t<div class=\"ngg-gallery-thumbnail\">\n\t\t\t<a href=\"http:\/\/www.zsskolnivr.cz\/wp-content\/gallery\/jidelnicek-1-1\/bretan_zelenina.jpg\"\n\t\t\t\ttitle=\"Slo\u017een\u00ed: breta\u0148sk\u00e1 zelenina, s\u016fl, bylinkov\u00e1 om\u00e1\u010dka - be\u0161amel, smetana, italsk\u00e9 bylinky, s\u016fl, p\u0159\u00edloha - brambory ma\u0161t\u011bn\u00e9 m\u00e1slem\"\n\t\t\t\tdata-src=\"http:\/\/www.zsskolnivr.cz\/wp-content\/gallery\/jidelnicek-1-1\/bretan_zelenina.jpg\"\n\t\t\t\tdata-thumbnail=\"http:\/\/www.zsskolnivr.cz\/wp-content\/gallery\/jidelnicek-1-1\/thumbs\/thumbs_bretan_zelenina.jpg\"\n\t\t\t\tdata-image-id=\"787\"\n\t\t\t\tdata-title=\"Breta\u0148sk\u00e1 zelenina s bylinkovou om\u00e1\u010dkou, brambory\"\n\t\t\t\tdata-description=\"Slo\u017een\u00ed: breta\u0148sk\u00e1 zelenina, s\u016fl, bylinkov\u00e1 om\u00e1\u010dka - be\u0161amel, smetana, italsk\u00e9 bylinky, s\u016fl, p\u0159\u00edloha - brambory ma\u0161t\u011bn\u00e9 m\u00e1slem\"\n\t\t\t\tdata-image-slug=\"bretan_zelenina-1\"\n\t\t\t\tclass='use_imagebrowser_effect' data-imagebrowser-url='https:\/\/www.zsskolnivr.cz\/index.php\/nggallery\/image\/%STUB%?page_id=711'>\n\t\t\t\t<img\n\t\t\t\t\ttitle=\"Breta\u0148sk\u00e1 zelenina s bylinkovou om\u00e1\u010dkou, brambory\"\n\t\t\t\t\talt=\"Breta\u0148sk\u00e1 zelenina s bylinkovou om\u00e1\u010dkou, brambory\"\n\t\t\t\t\tsrc=\"http:\/\/www.zsskolnivr.cz\/wp-content\/gallery\/jidelnicek-1-1\/cache\/bretan_zelenina.jpg-nggid03787-ngg0dyn-60x40x100-00f0w010c011r110f110r010t010.jpg\"\n\t\t\t\t\twidth=\"60\"\n\t\t\t\t\theight=\"40\"\n\t\t\t\t\tstyle=\"max-width:100%;\"\n\t\t\t\t\/>\n\t\t\t<\/a>\n\t\t<\/div>\n\t\t\t\t\t\t\t<\/div>\n\t\t\t\n\t\t\t\t\t\t\t\n\t\t\t\t<div id=\"ngg-image-2\" class=\"ngg-gallery-thumbnail-box\"\n\t\t\t\t\t\t\t\t\t\t\t>\n\t\t\t\t\t\t<div class=\"ngg-gallery-thumbnail\">\n\t\t\t<a href=\"http:\/\/www.zsskolnivr.cz\/wp-content\/gallery\/jidelnicek-1-1\/celer.jpg\"\n\t\t\t\ttitle=\"Slo\u017een\u00ed: celer, slanina, cibule, vejce, s\u00fdr, smetana, p\u0159\u00edloha brambory a sal\u00e1t\"\n\t\t\t\tdata-src=\"http:\/\/www.zsskolnivr.cz\/wp-content\/gallery\/jidelnicek-1-1\/celer.jpg\"\n\t\t\t\tdata-thumbnail=\"http:\/\/www.zsskolnivr.cz\/wp-content\/gallery\/jidelnicek-1-1\/thumbs\/thumbs_celer.jpg\"\n\t\t\t\tdata-image-id=\"788\"\n\t\t\t\tdata-title=\"Zape\u010den\u00fd celer se slaninou, brambory, zeln\u00fd sal\u00e1t\"\n\t\t\t\tdata-description=\"Slo\u017een\u00ed: celer, slanina, cibule, vejce, s\u00fdr, smetana, p\u0159\u00edloha brambory a sal\u00e1t\"\n\t\t\t\tdata-image-slug=\"celer\"\n\t\t\t\tclass='use_imagebrowser_effect' data-imagebrowser-url='https:\/\/www.zsskolnivr.cz\/index.php\/nggallery\/image\/%STUB%?page_id=711'>\n\t\t\t\t<img\n\t\t\t\t\ttitle=\"Zape\u010den\u00fd celer se slaninou, brambory, zeln\u00fd sal\u00e1t\"\n\t\t\t\t\talt=\"Zape\u010den\u00fd celer se slaninou, brambory, zeln\u00fd sal\u00e1t\"\n\t\t\t\t\tsrc=\"http:\/\/www.zsskolnivr.cz\/wp-content\/gallery\/jidelnicek-1-1\/cache\/celer.jpg-nggid03788-ngg0dyn-60x40x100-00f0w010c011r110f110r010t010.jpg\"\n\t\t\t\t\twidth=\"60\"\n\t\t\t\t\theight=\"40\"\n\t\t\t\t\tstyle=\"max-width:100%;\"\n\t\t\t\t\/>\n\t\t\t<\/a>\n\t\t<\/div>\n\t\t\t\t\t\t\t<\/div>\n\t\t\t\n\t\t\t\t\t\t\t\n\t\t\t\t<div id=\"ngg-image-3\" class=\"ngg-gallery-thumbnail-box\"\n\t\t\t\t\t\t\t\t\t\t\t>\n\t\t\t\t\t\t<div class=\"ngg-gallery-thumbnail\">\n\t\t\t<a href=\"http:\/\/www.zsskolnivr.cz\/wp-content\/gallery\/jidelnicek-1-1\/chilli_con_carne.jpg\"\n\t\t\t\ttitle=\"Slo\u017een\u00ed: hov\u011bz\u00ed maso zadn\u00ed, fazole, cibule, rajsk\u00fd protlak, ratatoille \/zeleninov\u00e1 sm\u011bs\/, chilli ko\u0159en\u00ed, r\u00fd\u017ee Parboiled\"\n\t\t\t\tdata-src=\"http:\/\/www.zsskolnivr.cz\/wp-content\/gallery\/jidelnicek-1-1\/chilli_con_carne.jpg\"\n\t\t\t\tdata-thumbnail=\"http:\/\/www.zsskolnivr.cz\/wp-content\/gallery\/jidelnicek-1-1\/thumbs\/thumbs_chilli_con_carne.jpg\"\n\t\t\t\tdata-image-id=\"789\"\n\t\t\t\tdata-title=\"Chilli con carne \/ Mexick\u00fd fazolov\u00fd hrnec\/\"\n\t\t\t\tdata-description=\"Slo\u017een\u00ed: hov\u011bz\u00ed maso zadn\u00ed, fazole, cibule, rajsk\u00fd protlak, ratatoille \/zeleninov\u00e1 sm\u011bs\/, chilli ko\u0159en\u00ed, r\u00fd\u017ee Parboiled\"\n\t\t\t\tdata-image-slug=\"chilli_con_carne\"\n\t\t\t\tclass='use_imagebrowser_effect' data-imagebrowser-url='https:\/\/www.zsskolnivr.cz\/index.php\/nggallery\/image\/%STUB%?page_id=711'>\n\t\t\t\t<img\n\t\t\t\t\ttitle=\"Chilli con carne \/ Mexick\u00fd fazolov\u00fd hrnec\/\"\n\t\t\t\t\talt=\"Chilli con carne \/ Mexick\u00fd fazolov\u00fd hrnec\/\"\n\t\t\t\t\tsrc=\"http:\/\/www.zsskolnivr.cz\/wp-content\/gallery\/jidelnicek-1-1\/cache\/chilli_con_carne.jpg-nggid03789-ngg0dyn-60x40x100-00f0w010c011r110f110r010t010.jpg\"\n\t\t\t\t\twidth=\"60\"\n\t\t\t\t\theight=\"40\"\n\t\t\t\t\tstyle=\"max-width:100%;\"\n\t\t\t\t\/>\n\t\t\t<\/a>\n\t\t<\/div>\n\t\t\t\t\t\t\t<\/div>\n\t\t\t\n\t\t\t\t\t\t\t\n\t\t\t\t<div id=\"ngg-image-4\" class=\"ngg-gallery-thumbnail-box\"\n\t\t\t\t\t\t\t\t\t\t\t>\n\t\t\t\t\t\t<div class=\"ngg-gallery-thumbnail\">\n\t\t\t<a href=\"http:\/\/www.zsskolnivr.cz\/wp-content\/gallery\/jidelnicek-1-1\/cinske_nudle.jpg\"\n\t\t\t\ttitle=\"Slo\u017een\u00ed: \u010d\u00ednsk\u00e9 t\u011bstovinov\u00e9 nudle, p\u00f3rek, karotka, celer, petr\u017eel, cibule, thajsk\u00e1 pasta a sojov\u00e1 om\u00e1\u010dka\"\n\t\t\t\tdata-src=\"http:\/\/www.zsskolnivr.cz\/wp-content\/gallery\/jidelnicek-1-1\/cinske_nudle.jpg\"\n\t\t\t\tdata-thumbnail=\"http:\/\/www.zsskolnivr.cz\/wp-content\/gallery\/jidelnicek-1-1\/thumbs\/thumbs_cinske_nudle.jpg\"\n\t\t\t\tdata-image-id=\"2174\"\n\t\t\t\tdata-title=\"\u010c\u00ednsk\u00e9 nudle s thajskou zeleninou\"\n\t\t\t\tdata-description=\"Slo\u017een\u00ed: \u010d\u00ednsk\u00e9 t\u011bstovinov\u00e9 nudle, p\u00f3rek, karotka, celer, petr\u017eel, cibule, thajsk\u00e1 pasta a sojov\u00e1 om\u00e1\u010dka\"\n\t\t\t\tdata-image-slug=\"cinske_nudle\"\n\t\t\t\tclass='use_imagebrowser_effect' data-imagebrowser-url='https:\/\/www.zsskolnivr.cz\/index.php\/nggallery\/image\/%STUB%?page_id=711'>\n\t\t\t\t<img\n\t\t\t\t\ttitle=\"\u010c\u00ednsk\u00e9 nudle s thajskou zeleninou\"\n\t\t\t\t\talt=\"\u010c\u00ednsk\u00e9 nudle s thajskou zeleninou\"\n\t\t\t\t\tsrc=\"http:\/\/www.zsskolnivr.cz\/wp-content\/gallery\/jidelnicek-1-1\/cache\/cinske_nudle.jpg-nggid042174-ngg0dyn-60x40x100-00f0w010c011r110f110r010t010.jpg\"\n\t\t\t\t\twidth=\"60\"\n\t\t\t\t\theight=\"40\"\n\t\t\t\t\tstyle=\"max-width:100%;\"\n\t\t\t\t\/>\n\t\t\t<\/a>\n\t\t<\/div>\n\t\t\t\t\t\t\t<\/div>\n\t\t\t\n\t\t\t\t\t\t\t\t\t<br style=\"clear: both\" \/>\n\t\t\t\t\t\n\t\t\t\t<div id=\"ngg-image-5\" class=\"ngg-gallery-thumbnail-box\"\n\t\t\t\t\t\t\t\t\t\t\t>\n\t\t\t\t\t\t<div class=\"ngg-gallery-thumbnail\">\n\t\t\t<a href=\"http:\/\/www.zsskolnivr.cz\/wp-content\/gallery\/jidelnicek-1-1\/cizrna_spalicky.jpg\"\n\t\t\t\ttitle=\"Slo\u017een\u00ed: cizrna, kysan\u00e9 zel\u00ed, cibule, mlet\u00e1 paprika, km\u00edn, mouka, rajsk\u00fd protlak, smetana, olej, s\u016fl, bramborov\u00e9 \u0161pal\u00ed\u010dky\"\n\t\t\t\tdata-src=\"http:\/\/www.zsskolnivr.cz\/wp-content\/gallery\/jidelnicek-1-1\/cizrna_spalicky.jpg\"\n\t\t\t\tdata-thumbnail=\"http:\/\/www.zsskolnivr.cz\/wp-content\/gallery\/jidelnicek-1-1\/thumbs\/thumbs_cizrna_spalicky.jpg\"\n\t\t\t\tdata-image-id=\"792\"\n\t\t\t\tdata-title=\"Cizrna s kysan\u00fdm zel\u00edm na paprice, bramborov\u00e9 \u0161pal\u00ed\u010dky\"\n\t\t\t\tdata-description=\"Slo\u017een\u00ed: cizrna, kysan\u00e9 zel\u00ed, cibule, mlet\u00e1 paprika, km\u00edn, mouka, rajsk\u00fd protlak, smetana, olej, s\u016fl, bramborov\u00e9 \u0161pal\u00ed\u010dky\"\n\t\t\t\tdata-image-slug=\"cizrna_spalicky-1\"\n\t\t\t\tclass='use_imagebrowser_effect' data-imagebrowser-url='https:\/\/www.zsskolnivr.cz\/index.php\/nggallery\/image\/%STUB%?page_id=711'>\n\t\t\t\t<img\n\t\t\t\t\ttitle=\"Cizrna s kysan\u00fdm zel\u00edm na paprice, bramborov\u00e9 \u0161pal\u00ed\u010dky\"\n\t\t\t\t\talt=\"Cizrna s kysan\u00fdm zel\u00edm na paprice, bramborov\u00e9 \u0161pal\u00ed\u010dky\"\n\t\t\t\t\tsrc=\"http:\/\/www.zsskolnivr.cz\/wp-content\/gallery\/jidelnicek-1-1\/cache\/cizrna_spalicky.jpg-nggid03792-ngg0dyn-60x40x100-00f0w010c011r110f110r010t010.jpg\"\n\t\t\t\t\twidth=\"60\"\n\t\t\t\t\theight=\"40\"\n\t\t\t\t\tstyle=\"max-width:100%;\"\n\t\t\t\t\/>\n\t\t\t<\/a>\n\t\t<\/div>\n\t\t\t\t\t\t\t<\/div>\n\t\t\t\n\t\t\t\t\t\t\t\n\t\t\t\t<div id=\"ngg-image-6\" class=\"ngg-gallery-thumbnail-box\"\n\t\t\t\t\t\t\t\t\t\t\t>\n\t\t\t\t\t\t<div class=\"ngg-gallery-thumbnail\">\n\t\t\t<a href=\"http:\/\/www.zsskolnivr.cz\/wp-content\/gallery\/jidelnicek-1-1\/cizrna-panev-1.jpg\"\n\t\t\t\ttitle=\"Slo\u017een\u00ed: cizrna, anglick\u00e1 slanina, drcen\u00e1 raj\u010data, cibule, \u010desnek, z\u00e1zvor, sojov\u00e1 om\u00e1\u010dka, s\u016fl, Basmati r\u00fd\u017ee\"\n\t\t\t\tdata-src=\"http:\/\/www.zsskolnivr.cz\/wp-content\/gallery\/jidelnicek-1-1\/cizrna-panev-1.jpg\"\n\t\t\t\tdata-thumbnail=\"http:\/\/www.zsskolnivr.cz\/wp-content\/gallery\/jidelnicek-1-1\/thumbs\/thumbs_cizrna-panev-1.jpg\"\n\t\t\t\tdata-image-id=\"790\"\n\t\t\t\tdata-title=\"Cizrnov\u00e1 p\u00e1nev\"\n\t\t\t\tdata-description=\"Slo\u017een\u00ed: cizrna, anglick\u00e1 slanina, drcen\u00e1 raj\u010data, cibule, \u010desnek, z\u00e1zvor, sojov\u00e1 om\u00e1\u010dka, s\u016fl, Basmati r\u00fd\u017ee\"\n\t\t\t\tdata-image-slug=\"cizrna-panev-1\"\n\t\t\t\tclass='use_imagebrowser_effect' data-imagebrowser-url='https:\/\/www.zsskolnivr.cz\/index.php\/nggallery\/image\/%STUB%?page_id=711'>\n\t\t\t\t<img\n\t\t\t\t\ttitle=\"Cizrnov\u00e1 p\u00e1nev\"\n\t\t\t\t\talt=\"Cizrnov\u00e1 p\u00e1nev\"\n\t\t\t\t\tsrc=\"http:\/\/www.zsskolnivr.cz\/wp-content\/gallery\/jidelnicek-1-1\/cache\/cizrna-panev-1.jpg-nggid03790-ngg0dyn-60x40x100-00f0w010c011r110f110r010t010.jpg\"\n\t\t\t\t\twidth=\"60\"\n\t\t\t\t\theight=\"40\"\n\t\t\t\t\tstyle=\"max-width:100%;\"\n\t\t\t\t\/>\n\t\t\t<\/a>\n\t\t<\/div>\n\t\t\t\t\t\t\t<\/div>\n\t\t\t\n\t\t\t\t\t\t\t\n\t\t\t\t<div id=\"ngg-image-7\" class=\"ngg-gallery-thumbnail-box\"\n\t\t\t\t\t\t\t\t\t\t\t>\n\t\t\t\t\t\t<div class=\"ngg-gallery-thumbnail\">\n\t\t\t<a href=\"http:\/\/www.zsskolnivr.cz\/wp-content\/gallery\/jidelnicek-1-1\/cockove_karbenatky.jpg\"\n\t\t\t\ttitle=\"Slo\u017een\u00ed: \u010derven\u00e1 \u010do\u010dka, \u010desnek, cibule, major\u00e1nka, karotka, vejce, strouhanka P\u0159\u00edloha: du\u0161en\u00e1 mrkev, brambory ma\u0161t\u011bn\u00e9 m\u00e1slem\"\n\t\t\t\tdata-src=\"http:\/\/www.zsskolnivr.cz\/wp-content\/gallery\/jidelnicek-1-1\/cockove_karbenatky.jpg\"\n\t\t\t\tdata-thumbnail=\"http:\/\/www.zsskolnivr.cz\/wp-content\/gallery\/jidelnicek-1-1\/thumbs\/thumbs_cockove_karbenatky.jpg\"\n\t\t\t\tdata-image-id=\"879\"\n\t\t\t\tdata-title=\"\u010co\u010dkov\u00e9 karban\u00e1tky, du\u0161en\u00e1 mrkev, brambory\"\n\t\t\t\tdata-description=\"Slo\u017een\u00ed: \u010derven\u00e1 \u010do\u010dka, \u010desnek, cibule, major\u00e1nka, karotka, vejce, strouhanka P\u0159\u00edloha: du\u0161en\u00e1 mrkev, brambory ma\u0161t\u011bn\u00e9 m\u00e1slem\"\n\t\t\t\tdata-image-slug=\"cockove_karbenatky\"\n\t\t\t\tclass='use_imagebrowser_effect' data-imagebrowser-url='https:\/\/www.zsskolnivr.cz\/index.php\/nggallery\/image\/%STUB%?page_id=711'>\n\t\t\t\t<img\n\t\t\t\t\ttitle=\"\u010co\u010dkov\u00e9 karban\u00e1tky, du\u0161en\u00e1 mrkev, brambory\"\n\t\t\t\t\talt=\"\u010co\u010dkov\u00e9 karban\u00e1tky, du\u0161en\u00e1 mrkev, brambory\"\n\t\t\t\t\tsrc=\"http:\/\/www.zsskolnivr.cz\/wp-content\/gallery\/jidelnicek-1-1\/cache\/cockove_karbenatky.jpg-nggid03879-ngg0dyn-60x40x100-00f0w010c011r110f110r010t010.jpg\"\n\t\t\t\t\twidth=\"60\"\n\t\t\t\t\theight=\"40\"\n\t\t\t\t\tstyle=\"max-width:100%;\"\n\t\t\t\t\/>\n\t\t\t<\/a>\n\t\t<\/div>\n\t\t\t\t\t\t\t<\/div>\n\t\t\t\n\t\t\t\t\t\t\t\n\t\t\t\t<div id=\"ngg-image-8\" class=\"ngg-gallery-thumbnail-box\"\n\t\t\t\t\t\t\t\t\t\t\t>\n\t\t\t\t\t\t<div class=\"ngg-gallery-thumbnail\">\n\t\t\t<a href=\"http:\/\/www.zsskolnivr.cz\/wp-content\/gallery\/jidelnicek-1-1\/cuket_cina-1.jpg\"\n\t\t\t\ttitle=\"Slo\u017een\u00ed: cuketa, p\u00f3rek, paprika, cibule, \u010desnek, kari ko\u0159en\u00ed, provens\u00e1lsk\u00e9 bylinky, sojov\u00e1 om\u00e1\u010dka Shoyu, r\u00fd\u017eov\u00e9 nudle\"\n\t\t\t\tdata-src=\"http:\/\/www.zsskolnivr.cz\/wp-content\/gallery\/jidelnicek-1-1\/cuket_cina-1.jpg\"\n\t\t\t\tdata-thumbnail=\"http:\/\/www.zsskolnivr.cz\/wp-content\/gallery\/jidelnicek-1-1\/thumbs\/thumbs_cuket_cina-1.jpg\"\n\t\t\t\tdata-image-id=\"793\"\n\t\t\t\tdata-title=\"Cuketov\u00e1 \u010d\u00edna, r\u00fd\u017eov\u00e9 nudle\"\n\t\t\t\tdata-description=\"Slo\u017een\u00ed: cuketa, p\u00f3rek, paprika, cibule, \u010desnek, kari ko\u0159en\u00ed, provens\u00e1lsk\u00e9 bylinky, sojov\u00e1 om\u00e1\u010dka Shoyu, r\u00fd\u017eov\u00e9 nudle\"\n\t\t\t\tdata-image-slug=\"cuket_cina-1\"\n\t\t\t\tclass='use_imagebrowser_effect' data-imagebrowser-url='https:\/\/www.zsskolnivr.cz\/index.php\/nggallery\/image\/%STUB%?page_id=711'>\n\t\t\t\t<img\n\t\t\t\t\ttitle=\"Cuketov\u00e1 \u010d\u00edna, r\u00fd\u017eov\u00e9 nudle\"\n\t\t\t\t\talt=\"Cuketov\u00e1 \u010d\u00edna, r\u00fd\u017eov\u00e9 nudle\"\n\t\t\t\t\tsrc=\"http:\/\/www.zsskolnivr.cz\/wp-content\/gallery\/jidelnicek-1-1\/cache\/cuket_cina-1.jpg-nggid03793-ngg0dyn-60x40x100-00f0w010c011r110f110r010t010.jpg\"\n\t\t\t\t\twidth=\"60\"\n\t\t\t\t\theight=\"40\"\n\t\t\t\t\tstyle=\"max-width:100%;\"\n\t\t\t\t\/>\n\t\t\t<\/a>\n\t\t<\/div>\n\t\t\t\t\t\t\t<\/div>\n\t\t\t\n\t\t\t\t\t\t\t\n\t\t\t\t<div id=\"ngg-image-9\" class=\"ngg-gallery-thumbnail-box\"\n\t\t\t\t\t\t\t\t\t\t\t>\n\t\t\t\t\t\t<div class=\"ngg-gallery-thumbnail\">\n\t\t\t<a href=\"http:\/\/www.zsskolnivr.cz\/wp-content\/gallery\/jidelnicek-1-1\/cuketove-placicky.jpg\"\n\t\t\t\ttitle=\"\"\n\t\t\t\tdata-src=\"http:\/\/www.zsskolnivr.cz\/wp-content\/gallery\/jidelnicek-1-1\/cuketove-placicky.jpg\"\n\t\t\t\tdata-thumbnail=\"http:\/\/www.zsskolnivr.cz\/wp-content\/gallery\/jidelnicek-1-1\/thumbs\/thumbs_cuketove-placicky.jpg\"\n\t\t\t\tdata-image-id=\"2282\"\n\t\t\t\tdata-title=\"cuketove placicky\"\n\t\t\t\tdata-description=\"\"\n\t\t\t\tdata-image-slug=\"cuketove-placicky\"\n\t\t\t\tclass='use_imagebrowser_effect' data-imagebrowser-url='https:\/\/www.zsskolnivr.cz\/index.php\/nggallery\/image\/%STUB%?page_id=711'>\n\t\t\t\t<img\n\t\t\t\t\ttitle=\"cuketove placicky\"\n\t\t\t\t\talt=\"cuketove placicky\"\n\t\t\t\t\tsrc=\"http:\/\/www.zsskolnivr.cz\/wp-content\/gallery\/jidelnicek-1-1\/cache\/cuketove-placicky.jpg-nggid042282-ngg0dyn-60x40x100-00f0w010c011r110f110r010t010.jpg\"\n\t\t\t\t\twidth=\"60\"\n\t\t\t\t\theight=\"40\"\n\t\t\t\t\tstyle=\"max-width:100%;\"\n\t\t\t\t\/>\n\t\t\t<\/a>\n\t\t<\/div>\n\t\t\t\t\t\t\t<\/div>\n\t\t\t\n\t\t\t\t\t\t\t\t\t<br style=\"clear: both\" \/>\n\t\t\t\t\t\n\t\t\t\t<div id=\"ngg-image-10\" class=\"ngg-gallery-thumbnail-box\"\n\t\t\t\t\t\t\t\t\t\t\t>\n\t\t\t\t\t\t<div class=\"ngg-gallery-thumbnail\">\n\t\t\t<a href=\"http:\/\/www.zsskolnivr.cz\/wp-content\/gallery\/jidelnicek-1-1\/dusena_cuketa-1.jpg\"\n\t\t\t\ttitle=\"Slo\u017een\u00ed: cuketa, patizon, \u010derven\u00e1 fazole, cibulov\u00fd z\u00e1klad, provens\u00e1lsk\u00e9 ko\u0159en\u00ed, \u010desnek, rajsk\u00fd protlak, s\u016fl, kuskus s restovanou cibulkou, raj\u010datov\u00fd sal\u00e1t s olivami\"\n\t\t\t\tdata-src=\"http:\/\/www.zsskolnivr.cz\/wp-content\/gallery\/jidelnicek-1-1\/dusena_cuketa-1.jpg\"\n\t\t\t\tdata-thumbnail=\"http:\/\/www.zsskolnivr.cz\/wp-content\/gallery\/jidelnicek-1-1\/thumbs\/thumbs_dusena_cuketa-1.jpg\"\n\t\t\t\tdata-image-id=\"795\"\n\t\t\t\tdata-title=\"Du\u0161en\u00e1 cuketa s patizonem a fazolemi po provens\u00e1lsku\"\n\t\t\t\tdata-description=\"Slo\u017een\u00ed: cuketa, patizon, \u010derven\u00e1 fazole, cibulov\u00fd z\u00e1klad, provens\u00e1lsk\u00e9 ko\u0159en\u00ed, \u010desnek, rajsk\u00fd protlak, s\u016fl, kuskus s restovanou cibulkou, raj\u010datov\u00fd sal\u00e1t s olivami\"\n\t\t\t\tdata-image-slug=\"dusena_cuketa-1\"\n\t\t\t\tclass='use_imagebrowser_effect' data-imagebrowser-url='https:\/\/www.zsskolnivr.cz\/index.php\/nggallery\/image\/%STUB%?page_id=711'>\n\t\t\t\t<img\n\t\t\t\t\ttitle=\"Du\u0161en\u00e1 cuketa s patizonem a fazolemi po provens\u00e1lsku\"\n\t\t\t\t\talt=\"Du\u0161en\u00e1 cuketa s patizonem a fazolemi po provens\u00e1lsku\"\n\t\t\t\t\tsrc=\"http:\/\/www.zsskolnivr.cz\/wp-content\/gallery\/jidelnicek-1-1\/cache\/dusena_cuketa-1.jpg-nggid03795-ngg0dyn-60x40x100-00f0w010c011r110f110r010t010.jpg\"\n\t\t\t\t\twidth=\"60\"\n\t\t\t\t\theight=\"40\"\n\t\t\t\t\tstyle=\"max-width:100%;\"\n\t\t\t\t\/>\n\t\t\t<\/a>\n\t\t<\/div>\n\t\t\t\t\t\t\t<\/div>\n\t\t\t\n\t\t\t\t\t\t\t\n\t\t\t\t<div id=\"ngg-image-11\" class=\"ngg-gallery-thumbnail-box\"\n\t\t\t\t\t\t\t\t\t\t\t>\n\t\t\t\t\t\t<div class=\"ngg-gallery-thumbnail\">\n\t\t\t<a href=\"http:\/\/www.zsskolnivr.cz\/wp-content\/gallery\/jidelnicek-1-1\/duseny_hrasek.jpg\"\n\t\t\t\ttitle=\"Slo\u017een\u00ed: nakr\u00e1jen\u00e9 \u017eampiony ope\u010den\u00e9 na cibulce, p\u0159idan\u00fd hr\u00e1\u0161ek, s\u016fl, km\u00edn a spole\u010dn\u011b podu\u0161en\u00e9, brambory, tvarohov\u00fd kr\u00e9m s jahodou\"\n\t\t\t\tdata-src=\"http:\/\/www.zsskolnivr.cz\/wp-content\/gallery\/jidelnicek-1-1\/duseny_hrasek.jpg\"\n\t\t\t\tdata-thumbnail=\"http:\/\/www.zsskolnivr.cz\/wp-content\/gallery\/jidelnicek-1-1\/thumbs\/thumbs_duseny_hrasek.jpg\"\n\t\t\t\tdata-image-id=\"798\"\n\t\t\t\tdata-title=\"Du\u0161en\u00fd hr\u00e1\u0161ek se \u017eampiony\"\n\t\t\t\tdata-description=\"Slo\u017een\u00ed: nakr\u00e1jen\u00e9 \u017eampiony ope\u010den\u00e9 na cibulce, p\u0159idan\u00fd hr\u00e1\u0161ek, s\u016fl, km\u00edn a spole\u010dn\u011b podu\u0161en\u00e9, brambory, tvarohov\u00fd kr\u00e9m s jahodou\"\n\t\t\t\tdata-image-slug=\"duseny_hrasek-2\"\n\t\t\t\tclass='use_imagebrowser_effect' data-imagebrowser-url='https:\/\/www.zsskolnivr.cz\/index.php\/nggallery\/image\/%STUB%?page_id=711'>\n\t\t\t\t<img\n\t\t\t\t\ttitle=\"Du\u0161en\u00fd hr\u00e1\u0161ek se \u017eampiony\"\n\t\t\t\t\talt=\"Du\u0161en\u00fd hr\u00e1\u0161ek se \u017eampiony\"\n\t\t\t\t\tsrc=\"http:\/\/www.zsskolnivr.cz\/wp-content\/gallery\/jidelnicek-1-1\/cache\/duseny_hrasek.jpg-nggid03798-ngg0dyn-60x40x100-00f0w010c011r110f110r010t010.jpg\"\n\t\t\t\t\twidth=\"60\"\n\t\t\t\t\theight=\"40\"\n\t\t\t\t\tstyle=\"max-width:100%;\"\n\t\t\t\t\/>\n\t\t\t<\/a>\n\t\t<\/div>\n\t\t\t\t\t\t\t<\/div>\n\t\t\t\n\t\t\t\t\t\t\t\n\t\t\t\t<div id=\"ngg-image-12\" class=\"ngg-gallery-thumbnail-box\"\n\t\t\t\t\t\t\t\t\t\t\t>\n\t\t\t\t\t\t<div class=\"ngg-gallery-thumbnail\">\n\t\t\t<a href=\"http:\/\/www.zsskolnivr.cz\/wp-content\/gallery\/jidelnicek-1-1\/dynove-rizoto.jpg\"\n\t\t\t\ttitle=\"Slo\u017een\u00ed: dlouhozrnn\u00e1 r\u00fd\u017ee, d\u00fdn\u011b, cibule, \u0159ap\u00edkat\u00fd celer, petr\u017eelov\u00e1 na\u0165, z\u00e1zvor, med, mascarpone, olej, s\u016fl, rizoto sypan\u00e9 eidamem, \u010derven\u00e1 \u0159epa na nudli\u010dky\"\n\t\t\t\tdata-src=\"http:\/\/www.zsskolnivr.cz\/wp-content\/gallery\/jidelnicek-1-1\/dynove-rizoto.jpg\"\n\t\t\t\tdata-thumbnail=\"http:\/\/www.zsskolnivr.cz\/wp-content\/gallery\/jidelnicek-1-1\/thumbs\/thumbs_dynove-rizoto.jpg\"\n\t\t\t\tdata-image-id=\"1240\"\n\t\t\t\tdata-title=\"D\u00fd\u0148ov\u00e9 medov\u00e9 rizoto s petr\u017eelkou\"\n\t\t\t\tdata-description=\"Slo\u017een\u00ed: dlouhozrnn\u00e1 r\u00fd\u017ee, d\u00fdn\u011b, cibule, \u0159ap\u00edkat\u00fd celer, petr\u017eelov\u00e1 na\u0165, z\u00e1zvor, med, mascarpone, olej, s\u016fl, rizoto sypan\u00e9 eidamem, \u010derven\u00e1 \u0159epa na nudli\u010dky\"\n\t\t\t\tdata-image-slug=\"dynove-rizoto\"\n\t\t\t\tclass='use_imagebrowser_effect' data-imagebrowser-url='https:\/\/www.zsskolnivr.cz\/index.php\/nggallery\/image\/%STUB%?page_id=711'>\n\t\t\t\t<img\n\t\t\t\t\ttitle=\"D\u00fd\u0148ov\u00e9 medov\u00e9 rizoto s petr\u017eelkou\"\n\t\t\t\t\talt=\"D\u00fd\u0148ov\u00e9 medov\u00e9 rizoto s petr\u017eelkou\"\n\t\t\t\t\tsrc=\"http:\/\/www.zsskolnivr.cz\/wp-content\/gallery\/jidelnicek-1-1\/cache\/dynove-rizoto.jpg-nggid041240-ngg0dyn-60x40x100-00f0w010c011r110f110r010t010.jpg\"\n\t\t\t\t\twidth=\"60\"\n\t\t\t\t\theight=\"40\"\n\t\t\t\t\tstyle=\"max-width:100%;\"\n\t\t\t\t\/>\n\t\t\t<\/a>\n\t\t<\/div>\n\t\t\t\t\t\t\t<\/div>\n\t\t\t\n\t\t\t\t\t\t\t\n\t\t\t\t<div id=\"ngg-image-13\" class=\"ngg-gallery-thumbnail-box\"\n\t\t\t\t\t\t\t\t\t\t\t>\n\t\t\t\t\t\t<div class=\"ngg-gallery-thumbnail\">\n\t\t\t<a href=\"http:\/\/www.zsskolnivr.cz\/wp-content\/gallery\/jidelnicek-1-1\/fleky_spenat.jpg\"\n\t\t\t\ttitle=\"Slo\u017een\u00ed: fleky, \u0161pen\u00e1t, cibule, \u010desnek, vejce, ml\u00e9ko, s\u016fl\"\n\t\t\t\tdata-src=\"http:\/\/www.zsskolnivr.cz\/wp-content\/gallery\/jidelnicek-1-1\/fleky_spenat.jpg\"\n\t\t\t\tdata-thumbnail=\"http:\/\/www.zsskolnivr.cz\/wp-content\/gallery\/jidelnicek-1-1\/thumbs\/thumbs_fleky_spenat.jpg\"\n\t\t\t\tdata-image-id=\"799\"\n\t\t\t\tdata-title=\"\u0160pen\u00e1tov\u00e9 fl\u00ed\u010dky\"\n\t\t\t\tdata-description=\"Slo\u017een\u00ed: fleky, \u0161pen\u00e1t, cibule, \u010desnek, vejce, ml\u00e9ko, s\u016fl\"\n\t\t\t\tdata-image-slug=\"fleky_spenat\"\n\t\t\t\tclass='use_imagebrowser_effect' data-imagebrowser-url='https:\/\/www.zsskolnivr.cz\/index.php\/nggallery\/image\/%STUB%?page_id=711'>\n\t\t\t\t<img\n\t\t\t\t\ttitle=\"\u0160pen\u00e1tov\u00e9 fl\u00ed\u010dky\"\n\t\t\t\t\talt=\"\u0160pen\u00e1tov\u00e9 fl\u00ed\u010dky\"\n\t\t\t\t\tsrc=\"http:\/\/www.zsskolnivr.cz\/wp-content\/gallery\/jidelnicek-1-1\/cache\/fleky_spenat.jpg-nggid03799-ngg0dyn-60x40x100-00f0w010c011r110f110r010t010.jpg\"\n\t\t\t\t\twidth=\"60\"\n\t\t\t\t\theight=\"40\"\n\t\t\t\t\tstyle=\"max-width:100%;\"\n\t\t\t\t\/>\n\t\t\t<\/a>\n\t\t<\/div>\n\t\t\t\t\t\t\t<\/div>\n\t\t\t\n\t\t\t\t\t\t\t\n\t\t\t\t<div id=\"ngg-image-14\" class=\"ngg-gallery-thumbnail-box\"\n\t\t\t\t\t\t\t\t\t\t\t>\n\t\t\t\t\t\t<div class=\"ngg-gallery-thumbnail\">\n\t\t\t<a href=\"http:\/\/www.zsskolnivr.cz\/wp-content\/gallery\/jidelnicek-1-1\/gnochi_dyne.jpg\"\n\t\t\t\ttitle=\"Slo\u017een\u00ed: d\u00fd\u0148ov\u00e1 om\u00e1\u010dka - d\u00fdn\u011b Hokaido, cibule, \u010desnek, anglick\u00e1 slanina, smetana, olivov\u00fd olej, s\u016fl, bramborov\u00e9 noky \u2013 gnocchi, parmaz\u00e1n\"\n\t\t\t\tdata-src=\"http:\/\/www.zsskolnivr.cz\/wp-content\/gallery\/jidelnicek-1-1\/gnochi_dyne.jpg\"\n\t\t\t\tdata-thumbnail=\"http:\/\/www.zsskolnivr.cz\/wp-content\/gallery\/jidelnicek-1-1\/thumbs\/thumbs_gnochi_dyne.jpg\"\n\t\t\t\tdata-image-id=\"801\"\n\t\t\t\tdata-title=\"Gnochi v d\u00fd\u0148ov\u00e9 om\u00e1\u010dce s parmaz\u00e1nem\"\n\t\t\t\tdata-description=\"Slo\u017een\u00ed: d\u00fd\u0148ov\u00e1 om\u00e1\u010dka - d\u00fdn\u011b Hokaido, cibule, \u010desnek, anglick\u00e1 slanina, smetana, olivov\u00fd olej, s\u016fl, bramborov\u00e9 noky \u2013 gnocchi, parmaz\u00e1n\"\n\t\t\t\tdata-image-slug=\"gnochi_dyne-2\"\n\t\t\t\tclass='use_imagebrowser_effect' data-imagebrowser-url='https:\/\/www.zsskolnivr.cz\/index.php\/nggallery\/image\/%STUB%?page_id=711'>\n\t\t\t\t<img\n\t\t\t\t\ttitle=\"Gnochi v d\u00fd\u0148ov\u00e9 om\u00e1\u010dce s parmaz\u00e1nem\"\n\t\t\t\t\talt=\"Gnochi v d\u00fd\u0148ov\u00e9 om\u00e1\u010dce s parmaz\u00e1nem\"\n\t\t\t\t\tsrc=\"http:\/\/www.zsskolnivr.cz\/wp-content\/gallery\/jidelnicek-1-1\/cache\/gnochi_dyne.jpg-nggid03801-ngg0dyn-60x40x100-00f0w010c011r110f110r010t010.jpg\"\n\t\t\t\t\twidth=\"60\"\n\t\t\t\t\theight=\"40\"\n\t\t\t\t\tstyle=\"max-width:100%;\"\n\t\t\t\t\/>\n\t\t\t<\/a>\n\t\t<\/div>\n\t\t\t\t\t\t\t<\/div>\n\t\t\t\n\t\t\t\t\t\t\t\t\t<br style=\"clear: both\" \/>\n\t\t\t\t\t\n\t\t\t\t<div id=\"ngg-image-15\" class=\"ngg-gallery-thumbnail-box\"\n\t\t\t\t\t\t\t\t\t\t\t>\n\t\t\t\t\t\t<div class=\"ngg-gallery-thumbnail\">\n\t\t\t<a href=\"http:\/\/www.zsskolnivr.cz\/wp-content\/gallery\/jidelnicek-1-1\/gril_zelenina.jpg\"\n\t\t\t\ttitle=\"Slo\u017een\u00ed: nakr\u00e1jen\u00e9 papriky, cukety, karotka, celer, cibule, \u0159epkov\u00fd olej, ko\u0159en\u00ed na zeleninu dresink: jogurt, bylinky, ke\u010dup\"\n\t\t\t\tdata-src=\"http:\/\/www.zsskolnivr.cz\/wp-content\/gallery\/jidelnicek-1-1\/gril_zelenina.jpg\"\n\t\t\t\tdata-thumbnail=\"http:\/\/www.zsskolnivr.cz\/wp-content\/gallery\/jidelnicek-1-1\/thumbs\/thumbs_gril_zelenina.jpg\"\n\t\t\t\tdata-image-id=\"803\"\n\t\t\t\tdata-title=\"Grilovan\u00e1 zelenina, dresink, brambory\"\n\t\t\t\tdata-description=\"Slo\u017een\u00ed: nakr\u00e1jen\u00e9 papriky, cukety, karotka, celer, cibule, \u0159epkov\u00fd olej, ko\u0159en\u00ed na zeleninu dresink: jogurt, bylinky, ke\u010dup\"\n\t\t\t\tdata-image-slug=\"gril_zelenina-2\"\n\t\t\t\tclass='use_imagebrowser_effect' data-imagebrowser-url='https:\/\/www.zsskolnivr.cz\/index.php\/nggallery\/image\/%STUB%?page_id=711'>\n\t\t\t\t<img\n\t\t\t\t\ttitle=\"Grilovan\u00e1 zelenina, dresink, brambory\"\n\t\t\t\t\talt=\"Grilovan\u00e1 zelenina, dresink, brambory\"\n\t\t\t\t\tsrc=\"http:\/\/www.zsskolnivr.cz\/wp-content\/gallery\/jidelnicek-1-1\/cache\/gril_zelenina.jpg-nggid03803-ngg0dyn-60x40x100-00f0w010c011r110f110r010t010.jpg\"\n\t\t\t\t\twidth=\"60\"\n\t\t\t\t\theight=\"40\"\n\t\t\t\t\tstyle=\"max-width:100%;\"\n\t\t\t\t\/>\n\t\t\t<\/a>\n\t\t<\/div>\n\t\t\t\t\t\t\t<\/div>\n\t\t\t\n\t\t\t\t\t\t\t\n\t\t\t\t<div id=\"ngg-image-16\" class=\"ngg-gallery-thumbnail-box\"\n\t\t\t\t\t\t\t\t\t\t\t>\n\t\t\t\t\t\t<div class=\"ngg-gallery-thumbnail\">\n\t\t\t<a href=\"http:\/\/www.zsskolnivr.cz\/wp-content\/gallery\/jidelnicek-1-1\/grilovane_-bataty.jpg\"\n\t\t\t\ttitle=\"Slo\u017een\u00ed: bat\u00e1ty, grilovac\u00ed ko\u0159en\u00ed, s\u016fl, olivov\u00fd olej - Tzaziky - smetanov\u00fd jogurt, sal\u00e1tov\u00e1 okurka, kopr, s\u016fl\"\n\t\t\t\tdata-src=\"http:\/\/www.zsskolnivr.cz\/wp-content\/gallery\/jidelnicek-1-1\/grilovane_-bataty.jpg\"\n\t\t\t\tdata-thumbnail=\"http:\/\/www.zsskolnivr.cz\/wp-content\/gallery\/jidelnicek-1-1\/thumbs\/thumbs_grilovane_-bataty.jpg\"\n\t\t\t\tdata-image-id=\"2175\"\n\t\t\t\tdata-title=\"Grilovan\u00e9 bat\u00e1ty s tzatziky\"\n\t\t\t\tdata-description=\"Slo\u017een\u00ed: bat\u00e1ty, grilovac\u00ed ko\u0159en\u00ed, s\u016fl, olivov\u00fd olej - Tzaziky - smetanov\u00fd jogurt, sal\u00e1tov\u00e1 okurka, kopr, s\u016fl\"\n\t\t\t\tdata-image-slug=\"grilovane_-bataty\"\n\t\t\t\tclass='use_imagebrowser_effect' data-imagebrowser-url='https:\/\/www.zsskolnivr.cz\/index.php\/nggallery\/image\/%STUB%?page_id=711'>\n\t\t\t\t<img\n\t\t\t\t\ttitle=\"Grilovan\u00e9 bat\u00e1ty s tzatziky\"\n\t\t\t\t\talt=\"Grilovan\u00e9 bat\u00e1ty s tzatziky\"\n\t\t\t\t\tsrc=\"http:\/\/www.zsskolnivr.cz\/wp-content\/gallery\/jidelnicek-1-1\/cache\/grilovane_-bataty.jpg-nggid042175-ngg0dyn-60x40x100-00f0w010c011r110f110r010t010.jpg\"\n\t\t\t\t\twidth=\"60\"\n\t\t\t\t\theight=\"40\"\n\t\t\t\t\tstyle=\"max-width:100%;\"\n\t\t\t\t\/>\n\t\t\t<\/a>\n\t\t<\/div>\n\t\t\t\t\t\t\t<\/div>\n\t\t\t\n\t\t\t\t\t\t\t\n\t\t\t\t<div id=\"ngg-image-17\" class=\"ngg-gallery-thumbnail-box\"\n\t\t\t\t\t\t\t\t\t\t\t>\n\t\t\t\t\t\t<div class=\"ngg-gallery-thumbnail\">\n\t\t\t<a href=\"http:\/\/www.zsskolnivr.cz\/wp-content\/gallery\/jidelnicek-1-1\/haluskove_noky.jpg\"\n\t\t\t\ttitle=\"Slo\u017een\u00ed: halu\u0161ky, cibule, \u0161pen\u00e1t, \u010desnek, s\u00fdr cihla, smetana, \u0159epkov\u00fd olej, s\u016fl\"\n\t\t\t\tdata-src=\"http:\/\/www.zsskolnivr.cz\/wp-content\/gallery\/jidelnicek-1-1\/haluskove_noky.jpg\"\n\t\t\t\tdata-thumbnail=\"http:\/\/www.zsskolnivr.cz\/wp-content\/gallery\/jidelnicek-1-1\/thumbs\/thumbs_haluskove_noky.jpg\"\n\t\t\t\tdata-image-id=\"804\"\n\t\t\t\tdata-title=\"Halu\u0161kov\u00e9 noky zape\u010den\u00e9 se \u0161pen\u00e1tem a s\u00fdrem\"\n\t\t\t\tdata-description=\"Slo\u017een\u00ed: halu\u0161ky, cibule, \u0161pen\u00e1t, \u010desnek, s\u00fdr cihla, smetana, \u0159epkov\u00fd olej, s\u016fl\"\n\t\t\t\tdata-image-slug=\"haluskove_noky\"\n\t\t\t\tclass='use_imagebrowser_effect' data-imagebrowser-url='https:\/\/www.zsskolnivr.cz\/index.php\/nggallery\/image\/%STUB%?page_id=711'>\n\t\t\t\t<img\n\t\t\t\t\ttitle=\"Halu\u0161kov\u00e9 noky zape\u010den\u00e9 se \u0161pen\u00e1tem a s\u00fdrem\"\n\t\t\t\t\talt=\"Halu\u0161kov\u00e9 noky zape\u010den\u00e9 se \u0161pen\u00e1tem a s\u00fdrem\"\n\t\t\t\t\tsrc=\"http:\/\/www.zsskolnivr.cz\/wp-content\/gallery\/jidelnicek-1-1\/cache\/haluskove_noky.jpg-nggid03804-ngg0dyn-60x40x100-00f0w010c011r110f110r010t010.jpg\"\n\t\t\t\t\twidth=\"60\"\n\t\t\t\t\theight=\"40\"\n\t\t\t\t\tstyle=\"max-width:100%;\"\n\t\t\t\t\/>\n\t\t\t<\/a>\n\t\t<\/div>\n\t\t\t\t\t\t\t<\/div>\n\t\t\t\n\t\t\t\t\t\t\t\n\t\t\t\t<div id=\"ngg-image-18\" class=\"ngg-gallery-thumbnail-box\"\n\t\t\t\t\t\t\t\t\t\t\t>\n\t\t\t\t\t\t<div class=\"ngg-gallery-thumbnail\">\n\t\t\t<a href=\"http:\/\/www.zsskolnivr.cz\/wp-content\/gallery\/jidelnicek-1-1\/houbovy_kuba.jpg\"\n\t\t\t\ttitle=\"Slo\u017een\u00ed: nakr\u00e1jen\u00e9 \u017eampiony a slanina ope\u010den\u00e9 na cibulce, ochucen\u00e9 major\u00e1nkou, \u010desnekem, sol\u00ed a sm\u00edchan\u00e9 s uva\u0159enou tarho\u0148ou. P\u0159\u00edloha sal\u00e1t z \u010d\u00ednsk\u00e9ho zel\u00ed s paprikou\"\n\t\t\t\tdata-src=\"http:\/\/www.zsskolnivr.cz\/wp-content\/gallery\/jidelnicek-1-1\/houbovy_kuba.jpg\"\n\t\t\t\tdata-thumbnail=\"http:\/\/www.zsskolnivr.cz\/wp-content\/gallery\/jidelnicek-1-1\/thumbs\/thumbs_houbovy_kuba.jpg\"\n\t\t\t\tdata-image-id=\"805\"\n\t\t\t\tdata-title=\"Houbov\u00fd kuba z tarhoni\"\n\t\t\t\tdata-description=\"Slo\u017een\u00ed: nakr\u00e1jen\u00e9 \u017eampiony a slanina ope\u010den\u00e9 na cibulce, ochucen\u00e9 major\u00e1nkou, \u010desnekem, sol\u00ed a sm\u00edchan\u00e9 s uva\u0159enou tarho\u0148ou. P\u0159\u00edloha sal\u00e1t z \u010d\u00ednsk\u00e9ho zel\u00ed s paprikou\"\n\t\t\t\tdata-image-slug=\"houbovy_kuba\"\n\t\t\t\tclass='use_imagebrowser_effect' data-imagebrowser-url='https:\/\/www.zsskolnivr.cz\/index.php\/nggallery\/image\/%STUB%?page_id=711'>\n\t\t\t\t<img\n\t\t\t\t\ttitle=\"Houbov\u00fd kuba z tarhoni\"\n\t\t\t\t\talt=\"Houbov\u00fd kuba z tarhoni\"\n\t\t\t\t\tsrc=\"http:\/\/www.zsskolnivr.cz\/wp-content\/gallery\/jidelnicek-1-1\/cache\/houbovy_kuba.jpg-nggid03805-ngg0dyn-60x40x100-00f0w010c011r110f110r010t010.jpg\"\n\t\t\t\t\twidth=\"60\"\n\t\t\t\t\theight=\"40\"\n\t\t\t\t\tstyle=\"max-width:100%;\"\n\t\t\t\t\/>\n\t\t\t<\/a>\n\t\t<\/div>\n\t\t\t\t\t\t\t<\/div>\n\t\t\t\n\t\t\t\t\t\t\t\n\t\t\t\t<div id=\"ngg-image-19\" class=\"ngg-gallery-thumbnail-box\"\n\t\t\t\t\t\t\t\t\t\t\t>\n\t\t\t\t\t\t<div class=\"ngg-gallery-thumbnail\">\n\t\t\t<a href=\"http:\/\/www.zsskolnivr.cz\/wp-content\/gallery\/jidelnicek-1-1\/jahlove_rizoto.jpg\"\n\t\t\t\ttitle=\"Slo\u017een\u00ed: j\u00e1hly, cibule, breta\u0148sk\u00e1 zelenina, s\u016fl, s\u00fdr eidam\"\n\t\t\t\tdata-src=\"http:\/\/www.zsskolnivr.cz\/wp-content\/gallery\/jidelnicek-1-1\/jahlove_rizoto.jpg\"\n\t\t\t\tdata-thumbnail=\"http:\/\/www.zsskolnivr.cz\/wp-content\/gallery\/jidelnicek-1-1\/thumbs\/thumbs_jahlove_rizoto.jpg\"\n\t\t\t\tdata-image-id=\"806\"\n\t\t\t\tdata-title=\"J\u00e1hly na zp\u016fsob rizota se zeleninou a s\u00fdrem\"\n\t\t\t\tdata-description=\"Slo\u017een\u00ed: j\u00e1hly, cibule, breta\u0148sk\u00e1 zelenina, s\u016fl, s\u00fdr eidam\"\n\t\t\t\tdata-image-slug=\"jahlove_rizoto\"\n\t\t\t\tclass='use_imagebrowser_effect' data-imagebrowser-url='https:\/\/www.zsskolnivr.cz\/index.php\/nggallery\/image\/%STUB%?page_id=711'>\n\t\t\t\t<img\n\t\t\t\t\ttitle=\"J\u00e1hly na zp\u016fsob rizota se zeleninou a s\u00fdrem\"\n\t\t\t\t\talt=\"J\u00e1hly na zp\u016fsob rizota se zeleninou a s\u00fdrem\"\n\t\t\t\t\tsrc=\"http:\/\/www.zsskolnivr.cz\/wp-content\/gallery\/jidelnicek-1-1\/cache\/jahlove_rizoto.jpg-nggid03806-ngg0dyn-60x40x100-00f0w010c011r110f110r010t010.jpg\"\n\t\t\t\t\twidth=\"60\"\n\t\t\t\t\theight=\"40\"\n\t\t\t\t\tstyle=\"max-width:100%;\"\n\t\t\t\t\/>\n\t\t\t<\/a>\n\t\t<\/div>\n\t\t\t\t\t\t\t<\/div>\n\t\t\t\n\t\t\t\t\t\t\t\t\t<br style=\"clear: both\" \/>\n\t\t\t\t\t\n\t\t\n\t\t<!-- Pagination -->\n\t\t<div class='ngg-navigation'><span class='current'>1<\/span>\n<a class='page-numbers' data-pageid='2' href='https:\/\/www.zsskolnivr.cz\/index.php\/nggallery\/page\/2?page_id=711'>2<\/a>\n<span class='ellipsis'>...<\/span>\n<a class='page-numbers' data-pageid='5' href='https:\/\/www.zsskolnivr.cz\/index.php\/nggallery\/page\/5?page_id=711'>5<\/a>\n<a class='prev' href='https:\/\/www.zsskolnivr.cz\/index.php\/nggallery\/page\/2?page_id=711' data-pageid=2>&#9658;<\/a><\/div>\t<\/div>\n<\/p>\n","protected":false},"excerpt":{"rendered":"<p>Zde jsou\u00a0fotografie na\u0161ich zdrav\u00fdch j\u00eddel: 1 2 &#8230; 5 &#9658;<\/p>\n","protected":false},"author":5,"featured_media":0,"parent":0,"menu_order":0,"comment_status":"closed","ping_status":"closed","template":"","meta":{"ngg_post_thumbnail":0,"footnotes":""},"class_list":["post-711","page","type-page","status-publish","hentry"],"_links":{"self":[{"href":"https:\/\/www.zsskolnivr.cz\/index.php?rest_route=\/wp\/v2\/pages\/711","targetHints":{"allow":["GET"]}}],"collection":[{"href":"https:\/\/www.zsskolnivr.cz\/index.php?rest_route=\/wp\/v2\/pages"}],"about":[{"href":"https:\/\/www.zsskolnivr.cz\/index.php?rest_route=\/wp\/v2\/types\/page"}],"author":[{"embeddable":true,"href":"https:\/\/www.zsskolnivr.cz\/index.php?rest_route=\/wp\/v2\/users\/5"}],"replies":[{"embeddable":true,"href":"https:\/\/www.zsskolnivr.cz\/index.php?rest_route=%2Fwp%2Fv2%2Fcomments&post=711"}],"version-history":[{"count":10,"href":"https:\/\/www.zsskolnivr.cz\/index.php?rest_route=\/wp\/v2\/pages\/711\/revisions"}],"predecessor-version":[{"id":2371,"href":"https:\/\/www.zsskolnivr.cz\/index.php?rest_route=\/wp\/v2\/pages\/711\/revisions\/2371"}],"wp:attachment":[{"href":"https:\/\/www.zsskolnivr.cz\/index.php?rest_route=%2Fwp%2Fv2%2Fmedia&parent=711"}],"curies":[{"name":"wp","href":"https:\/\/api.w.org\/{rel}","templated":true}]}}